{"id":5,"date":"2014-04-07T08:15:03","date_gmt":"2014-04-07T08:15:03","guid":{"rendered":"http:\/\/grupos.unileon.es\/comite-pdi\/?page_id=5"},"modified":"2025-02-04T10:10:06","modified_gmt":"2025-02-04T10:10:06","slug":"miembros","status":"publish","type":"page","link":"https:\/\/grupos.unileon.es\/comite-pdi\/","title":{"rendered":"Miembros"},"content":{"rendered":"<table class=\"extendida\" style=\"width: 100%; height: 600px;\">\n<tbody>\n<tr>\n<th colspan=\"2\">PRESIDENTA<\/th>\n<\/tr>\n<tr>\n<td>MARTA MEN\u00c9NDEZ FERN\u00c1NDEZ<\/td>\n<td>UGT<\/td>\n<\/tr>\n<th colspan=\"2\">SECRETARIA<\/th>\n<\/tr>\n<tr>\n<td>CRISTINA GONZALEZ VIDALES <\/td>\n<td>UGT<\/td>\n<\/tr>\n<tr>\n<th colspan=\"2\">MIEMBROS<\/th>\n<\/tr>\n<tr>\n<td>BEATRIZ GARC\u00cdA PRIETO<\/td>\n<td>UGT<\/td>\n<tr>\n<tr>\n<td>FRANCISCO RODRIGUEZ SEDANO<\/td>\n<td>UGT<\/td>\n<\/tr>\n<tr>\n<td>ASIER LARGO GOSENS  <\/td>\n<td>UGT<\/td>\n<\/tr>\n<tr>\n<td>MERCEDES REGUERA GARC\u00cdA<\/td>\n<td>UGT<\/td>\n<\/tr>\n<tr>\n<td>BRISAMAR EST\u00c9BANEZ GONZ\u00c1LEZ  <\/td>\n<td>UGT<\/td>\n<\/tr>\n<tr>\n<td>IN\u00c9S CASADO VERDEJO <\/td>\n<td>UGT<\/td>\n<\/tr>\n<tr>\n<td>ANA BEL\u00c9N GARC\u00cdA GALLEGO  <\/td>\n<td>UGT<\/td>\n<\/tr>\n<tr>\n<td>MILKA VILLAYANDRE LLAMAZARES <\/td>\n<td>UGT<\/td>\n<\/tr>\n<tr>\n<td>LUIS MIGUEL RAMOS MART\u00cdNEZ<\/td>\n<td>CCOO<\/td>\n<\/tr>\n<tr>\n<td>PILAR BLANCO ALONSO <\/td>\n<td>CCOO<\/td>\n<\/tr>\n<tr>\n<td>FERNANDO JORGE FRAILE FERN\u00c1NDEZ <\/td>\n<td>CCOO<\/td>\n<\/tr>\n<tr>\n<td>BEATRIZ SAN MIGUEL VEGA<\/td>\n<td>CCOO<\/td>\n<\/tr>\n<tr>\n<td>JOS\u00c9 ANTONIO MART\u00cdNEZ RODR\u00cdGUEZ<\/td>\n<td>CCOO<\/td>\n<\/tr>\n<tr>\n<td>LUIS FELIPE BL\u00c1ZQUEZ QUINTANA<\/td>\n<td>CSIF<\/td>\n<\/tr>\n<tr>\n<td>DAVID CARRIZO AGUADO<\/td>\n<td>CSIF<\/td>\n<\/tr>\n<tr>\n<th colspan=\"2\">DELEGADOS SINDICALES<\/th>\n<tr>\n<td>DAVID GARC\u00cdA VALCARCE<\/td>\n<td>CCOO<\/td>\n<\/tr>\n<tr>\n<td>LUIS GETINO ALONSO<\/td>\n<td>UGT<\/td>\n<\/tr>\n<\/tbody>\n<\/table>\n","protected":false},"excerpt":{"rendered":"<p>PRESIDENTA MARTA MEN\u00c9NDEZ FERN\u00c1NDEZ UGT SECRETARIA CRISTINA GONZALEZ VIDALES UGT MIEMBROS BEATRIZ GARC\u00cdA PRIETO UGT FRANCISCO RODRIGUEZ SEDANO UGT ASIER LARGO GOSENS UGT MERCEDES REGUERA GARC\u00cdA UGT BRISAMAR EST\u00c9BANEZ GONZ\u00c1LEZ UGT IN\u00c9S CASADO VERDEJO UGT ANA BEL\u00c9N GARC\u00cdA GALLEGO UGT MILKA VILLAYANDRE LLAMAZARES UGT LUIS MIGUEL RAMOS MART\u00cdNEZ CCOO PILAR BLANCO ALONSO CCOO FERNANDO JORGE [&hellip;]<\/p>\n","protected":false},"author":8,"featured_media":0,"parent":0,"menu_order":0,"comment_status":"closed","ping_status":"closed","template":"","meta":{"footnotes":""},"class_list":["post-5","page","type-page","status-publish","hentry"],"_links":{"self":[{"href":"https:\/\/grupos.unileon.es\/comite-pdi\/wp-json\/wp\/v2\/pages\/5","targetHints":{"allow":["GET"]}}],"collection":[{"href":"https:\/\/grupos.unileon.es\/comite-pdi\/wp-json\/wp\/v2\/pages"}],"about":[{"href":"https:\/\/grupos.unileon.es\/comite-pdi\/wp-json\/wp\/v2\/types\/page"}],"author":[{"embeddable":true,"href":"https:\/\/grupos.unileon.es\/comite-pdi\/wp-json\/wp\/v2\/users\/8"}],"replies":[{"embeddable":true,"href":"https:\/\/grupos.unileon.es\/comite-pdi\/wp-json\/wp\/v2\/comments?post=5"}],"version-history":[{"count":25,"href":"https:\/\/grupos.unileon.es\/comite-pdi\/wp-json\/wp\/v2\/pages\/5\/revisions"}],"predecessor-version":[{"id":184,"href":"https:\/\/grupos.unileon.es\/comite-pdi\/wp-json\/wp\/v2\/pages\/5\/revisions\/184"}],"wp:attachment":[{"href":"https:\/\/grupos.unileon.es\/comite-pdi\/wp-json\/wp\/v2\/media?parent=5"}],"curies":[{"name":"wp","href":"https:\/\/api.w.org\/{rel}","templated":true}]}}