{"id":24,"date":"2015-07-05T08:27:02","date_gmt":"2015-07-05T08:27:02","guid":{"rendered":"http:\/\/grupos.unileon.es\/mastercultura\/?page_id=24"},"modified":"2020-06-19T11:05:29","modified_gmt":"2020-06-19T11:05:29","slug":"oferta-formativa","status":"publish","type":"page","link":"https:\/\/grupos.unileon.es\/mastercultura\/oferta-formativa\/","title":{"rendered":"Oferta formativa"},"content":{"rendered":"<p class=\"aligncenter\"><img loading=\"lazy\" decoding=\"async\" class=\"aligncenter wp-image-389 size-thumbnail\" src=\"http:\/\/grupos.unileon.es\/mastercultura\/files\/2015\/07\/itinerarios-150x150.jpg\" alt=\"itinerarios\" width=\"150\" height=\"150\" srcset=\"https:\/\/grupos.unileon.es\/mastercultura\/files\/2015\/07\/itinerarios-150x150.jpg 150w, https:\/\/grupos.unileon.es\/mastercultura\/files\/2015\/07\/itinerarios-300x300.jpg 300w, https:\/\/grupos.unileon.es\/mastercultura\/files\/2015\/07\/itinerarios.jpg 455w\" sizes=\"auto, (max-width: 150px) 100vw, 150px\" \/><\/p>\n<p style=\"text-align: justify;\">El M\u00e1ster consta de 90 ECTS distribuidos en 3 semestres de ense\u00f1anza <strong>semipresencial<\/strong>.<br \/><a href=\"http:\/\/grupos.unileon.es\/mastercultura\/files\/2015\/07\/Modelo_Semipresencialidad_MasterCultura_2017.pdf\" target=\"_blank\" rel=\"noopener noreferrer\">Gu\u00eda de referencia para el desarrollo de la docencia semipresencial<\/a><\/p>\n<p>La titulaci\u00f3n presenta dos itinerarios posibles:<\/p>\n<ul style=\"text-align: justify;\">\n<li><strong>Itinerario 1<\/strong>. Identidad europea<\/li>\n<li><strong>Itinerario 2<\/strong>.&nbsp; Cultura hisp\u00e1nica y su proyecci\u00f3n<\/li>\n<\/ul>\n<ul style=\"text-align: justify;\">\n<li>Los alumnos que quieran el t\u00edtulo general (M\u00e1ster en Cultura y Pensamiento Europeo) deben realizar:<\/li>\n<\/ul>\n<p style=\"padding-left: 90px; text-align: justify;\">28 ECTS&nbsp; de las asignaturas obligatorias<br \/>20 ECTS a elegir entre las asignaturas de cualesquiera de los itinerarios<br \/>30 ECTS a elegir entre las asignaturas ofertadas en el panel de optativas<\/p>\n<p style=\"padding-left: 90px; text-align: justify;\">12 ECTS del Trabajo Fin de M\u00e1ster<\/p>\n<ul style=\"text-align: justify;\">\n<li>Los alumnos que quieran que en su t\u00edtulo figure menci\u00f3n espec\u00edfica a uno de los dos itinerarios deben realizar:<\/li>\n<\/ul>\n<p style=\"padding-left: 90px; text-align: justify;\">28 ECTS&nbsp; de las asignaturas obligatorias<br \/>20 ECTS del itinerario elegido<br \/>30 ECTS a elegir entre las asignaturas ofertadas en el panel de optativas<\/p>\n<p style=\"padding-left: 90px; text-align: justify;\">12 ECTS del Trabajo Fin de M\u00e1ster<\/p>\n<ul style=\"text-align: justify;\">\n<li>Certificado de estudios en Programa conjunto Universidad de Le\u00f3n \u2013 Universidad de Bonn<\/li>\n<\/ul>\n<p style=\"text-align: justify; padding-left: 90px;\">El convenio suscrito con la Universidad de Bonn permite a los alumnos de este m\u00e1ster ampliar sus posibilidades formativas cursando en el Master of Arts (M.A.) in Spanische Kultur und europ\u00e4ische Identit\u00e4t &nbsp;un m\u00ednimo de 48 ECTS &nbsp;y elaborando el Trabajo Fin de M\u00e1ster (12 ECTS) en r\u00e9gimen de codirecci\u00f3n (Le\u00f3n \u2013 Bonn). El estudiante obtendr\u00e1 un certificado acreditativo de las materias cursadas en las dos universidades, con sus calificaciones, y el correspondiente reconocimiento en el Suplemento Europeo al T\u00edtulo.<\/p>\n<p style=\"text-align: justify;\"><a href=\"https:\/\/www.unileon.es\/ficheros\/estudiantes\/tripticos\/masteres\/master-universitario-en-cultura-y-pensamiento-europeo20200514.pdf\" target=\"_blank\" rel=\"noopener noreferrer\">D\u00cdPTICO DESCARGABLE EN PDF<\/a><\/p>\n<p><\/p>\n","protected":false},"excerpt":{"rendered":"<p>El M\u00e1ster consta de 90 ECTS distribuidos en 3 semestres de ense\u00f1anza semipresencial.Gu\u00eda de referencia para el desarrollo de la docencia semipresencial La titulaci\u00f3n presenta dos itinerarios posibles: Itinerario 1. Identidad europea Itinerario 2.&nbsp; Cultura hisp\u00e1nica y su proyecci\u00f3n Los alumnos que quieran el t\u00edtulo general (M\u00e1ster en Cultura y Pensamiento Europeo) deben realizar: 28 [&hellip;]<\/p>\n","protected":false},"author":86,"featured_media":0,"parent":0,"menu_order":0,"comment_status":"closed","ping_status":"closed","template":"","meta":{"footnotes":""},"class_list":["post-24","page","type-page","status-publish","hentry"],"_links":{"self":[{"href":"https:\/\/grupos.unileon.es\/mastercultura\/wp-json\/wp\/v2\/pages\/24","targetHints":{"allow":["GET"]}}],"collection":[{"href":"https:\/\/grupos.unileon.es\/mastercultura\/wp-json\/wp\/v2\/pages"}],"about":[{"href":"https:\/\/grupos.unileon.es\/mastercultura\/wp-json\/wp\/v2\/types\/page"}],"author":[{"embeddable":true,"href":"https:\/\/grupos.unileon.es\/mastercultura\/wp-json\/wp\/v2\/users\/86"}],"replies":[{"embeddable":true,"href":"https:\/\/grupos.unileon.es\/mastercultura\/wp-json\/wp\/v2\/comments?post=24"}],"version-history":[{"count":21,"href":"https:\/\/grupos.unileon.es\/mastercultura\/wp-json\/wp\/v2\/pages\/24\/revisions"}],"predecessor-version":[{"id":1126,"href":"https:\/\/grupos.unileon.es\/mastercultura\/wp-json\/wp\/v2\/pages\/24\/revisions\/1126"}],"wp:attachment":[{"href":"https:\/\/grupos.unileon.es\/mastercultura\/wp-json\/wp\/v2\/media?parent=24"}],"curies":[{"name":"wp","href":"https:\/\/api.w.org\/{rel}","templated":true}]}}